{"id":28891,"date":"2020-05-30T16:39:13","date_gmt":"2020-05-30T14:39:13","guid":{"rendered":"https:\/\/emma-bb.ch\/?page_id=28891"},"modified":"2025-09-30T17:17:18","modified_gmt":"2025-09-30T15:17:18","slug":"ueber-uns","status":"publish","type":"page","link":"https:\/\/emma-bb.ch\/en\/ueber-uns\/","title":{"rendered":"About Us"},"content":{"rendered":"<p>[et_pb_section fb_built=&#8220;1&#8243; fullwidth=&#8220;on&#8220; _builder_version=&#8220;4.16&#8243; global_colors_info=&#8220;{}&#8220;][et_pb_fullwidth_slider admin_label=&#8220;Curseur de d\u00e9filement plein \u00e9cran&#8220; _builder_version=&#8220;4.16&#8243; min_height=&#8220;330px&#8220; custom_padding=&#8220;120px||141px|||&#8220; custom_padding_tablet=&#8220;|||&#8220; custom_padding_phone=&#8220;|||&#8220; remove_inner_shadow=&#8220;on&#8220; hide_content_on_mobile=&#8220;off&#8220; hide_cta_on_mobile=&#8220;off&#8220; show_inner_shadow=&#8220;off&#8220; button_letter_spacing_hover=&#8220;0&#8243; global_colors_info=&#8220;{}&#8220; button_text_size__hover_enabled=&#8220;off&#8220; button_one_text_size__hover_enabled=&#8220;off&#8220; button_two_text_size__hover_enabled=&#8220;off&#8220; button_text_color__hover_enabled=&#8220;off&#8220; button_one_text_color__hover_enabled=&#8220;off&#8220; button_two_text_color__hover_enabled=&#8220;off&#8220; button_border_width__hover_enabled=&#8220;off&#8220; button_one_border_width__hover_enabled=&#8220;off&#8220; button_two_border_width__hover_enabled=&#8220;off&#8220; button_border_color__hover_enabled=&#8220;off&#8220; button_one_border_color__hover_enabled=&#8220;off&#8220; button_two_border_color__hover_enabled=&#8220;off&#8220; button_border_radius__hover_enabled=&#8220;off&#8220; button_one_border_radius__hover_enabled=&#8220;off&#8220; button_two_border_radius__hover_enabled=&#8220;off&#8220; button_letter_spacing__hover_enabled=&#8220;on&#8220; button_letter_spacing__hover=&#8220;0&#8243; button_one_letter_spacing__hover_enabled=&#8220;off&#8220; button_two_letter_spacing__hover_enabled=&#8220;off&#8220; button_bg_color__hover_enabled=&#8220;off&#8220; button_one_bg_color__hover_enabled=&#8220;off&#8220; button_two_bg_color__hover_enabled=&#8220;off&#8220;][et_pb_slide _builder_version=&#8220;4.16&#8243; header_font=&#8220;||||&#8220; header_font_size=&#8220;85&#8243; background_color=&#8220;rgba(0,0,0,0)&#8220; background_image=&#8220;https:\/\/emma-bb.ch\/wp-content\/uploads\/2020\/05\/Garten.jpg&#8220; background_enable_image=&#8220;on&#8220; filter_brightness=&#8220;186%&#8220; button_text_size_tablet=&#8220;16&#8243; button_text_size_phone=&#8220;16&#8243; button_text_color_hover=&#8220;#666666&#8243; button_bg_color_hover=&#8220;#ffffff&#8220; global_colors_info=&#8220;{}&#8220; button_text_size__hover_enabled=&#8220;off&#8220; button_one_text_size__hover_enabled=&#8220;off&#8220; button_two_text_size__hover_enabled=&#8220;off&#8220; button_one_text_color__hover_enabled=&#8220;off&#8220; button_two_text_color__hover_enabled=&#8220;off&#8220; button_border_width__hover_enabled=&#8220;off&#8220; button_one_border_width__hover_enabled=&#8220;off&#8220; button_two_border_width__hover_enabled=&#8220;off&#8220; button_border_color__hover_enabled=&#8220;off&#8220; button_one_border_color__hover_enabled=&#8220;off&#8220; button_two_border_color__hover_enabled=&#8220;off&#8220; button_border_radius__hover_enabled=&#8220;off&#8220; button_one_border_radius__hover_enabled=&#8220;off&#8220; button_two_border_radius__hover_enabled=&#8220;off&#8220; button_letter_spacing__hover_enabled=&#8220;off&#8220; button_one_letter_spacing__hover_enabled=&#8220;off&#8220; button_two_letter_spacing__hover_enabled=&#8220;off&#8220; button_one_bg_color__hover_enabled=&#8220;off&#8220; button_two_bg_color__hover_enabled=&#8220;off&#8220; sticky_transition=&#8220;on&#8220;][\/et_pb_slide][\/et_pb_fullwidth_slider][\/et_pb_section][et_pb_section fb_built=&#8220;1&#8243; _builder_version=&#8220;4.16&#8243; global_colors_info=&#8220;{}&#8220;][et_pb_row _builder_version=&#8220;4.16&#8243; global_colors_info=&#8220;{}&#8220;][et_pb_column type=&#8220;4_4&#8243; _builder_version=&#8220;4.16&#8243; global_colors_info=&#8220;{}&#8220;][et_pb_text _builder_version=&#8220;4.16&#8243; global_colors_info=&#8220;{}&#8220;]<\/p>\n<h1>\u00dcber uns<\/h1>\n<h3>Wer ist EMMA? &#8211; Ein toller Mensch, ein progressives Magazin, ein verstaubtes Gesch\u00e4ft in der Dorfmitte?<br \/> EMMA kann vieles sein, aber f\u00fcr uns ist sie alles!<\/h3>\n<p>[\/et_pb_text][\/et_pb_column][\/et_pb_row][\/et_pb_section][et_pb_section fb_built=&#8220;1&#8243; _builder_version=&#8220;4.16&#8243; custom_padding=&#8220;0px||30px|||&#8220; global_colors_info=&#8220;{}&#8220;][et_pb_row column_structure=&#8220;1_2,1_2&#8243; _builder_version=&#8220;4.16&#8243; min_height=&#8220;267px&#8220; custom_padding=&#8220;30px||0px|||&#8220; global_colors_info=&#8220;{}&#8220;][et_pb_column type=&#8220;1_2&#8243; _builder_version=&#8220;4.16&#8243; global_colors_info=&#8220;{}&#8220;][et_pb_image title_text=&#8220;IMG_5702&#8243; align=&#8220;center&#8220; _builder_version=&#8220;4.16&#8243; background_image=&#8220;https:\/\/emma-bb.ch\/wp-content\/uploads\/2020\/11\/IMG_5702-1-scaled.jpg&#8220; custom_margin=&#8220;||2px|||&#8220; custom_padding=&#8220;||210px||false|false&#8220; custom_padding_last_edited=&#8220;off|desktop&#8220; global_colors_info=&#8220;{}&#8220;][\/et_pb_image][\/et_pb_column][et_pb_column type=&#8220;1_2&#8243; _builder_version=&#8220;4.16&#8243; global_colors_info=&#8220;{}&#8220;][et_pb_image alt=&#8220;Essensangebot von EMMA&#8220; title_text=&#8220;Essensangebot&#8220; align=&#8220;center&#8220; _builder_version=&#8220;4.16&#8243; background_image=&#8220;https:\/\/emma-bb.ch\/wp-content\/uploads\/2022\/05\/Essensangebot.jpg&#8220; custom_margin=&#8220;||2px|||&#8220; custom_padding=&#8220;||210px||false|false&#8220; custom_padding_last_edited=&#8220;off|desktop&#8220; global_colors_info=&#8220;{}&#8220;][\/et_pb_image][\/et_pb_column][\/et_pb_row][\/et_pb_section][et_pb_section fb_built=&#8220;1&#8243; admin_label=&#8220;section&#8220; _builder_version=&#8220;4.16&#8243; custom_padding=&#8220;0px|0px|0px|0px&#8220; transparent_background=&#8220;off&#8220; make_fullwidth=&#8220;off&#8220; use_custom_width=&#8220;off&#8220; width_unit=&#8220;off&#8220; custom_width_px=&#8220;1080px&#8220; custom_width_percent=&#8220;80%&#8220; global_colors_info=&#8220;{}&#8220;][et_pb_row _builder_version=&#8220;4.4.7&#8243; min_height=&#8220;240px&#8220; global_module=&#8220;28999&#8243; saved_tabs=&#8220;all&#8220; global_colors_info=&#8220;{}&#8220;][et_pb_column type=&#8220;4_4&#8243; _builder_version=&#8220;4.16&#8243; global_colors_info=&#8220;{}&#8220;][et_pb_text _builder_version=&#8220;4.20.2&#8243; global_colors_info=&#8220;{}&#8220;]<\/p>\n<h1>Unsere Philosophie<\/h1>\n<h2><span>transparent &#8211; nachhaltig &#8211; herzlich<\/span><\/h2>\n<p><span>Hinter EMMA Bett und Bistro steckt die Winterthurerin Barbara Koblet. Mit viel Herzblut und dem Wunsch sich zu verwirklichen, schuf sie EMMA.\u00a0<\/span>Hier steht Toleranz, Transparenz und Qualit\u00e4t im Vordergrund. So besteht unser Bistro-Sortiment aus lokalen, saisonalen und nachhaltigen Produkten und es wird ein herzliches Arbeitsumfeld geschaffen.<\/p>\n<p>Auch bei der Gestaltung unserer Hotelzimmer achten wir darauf eine einladende, saubere und wohnliche Atmosph\u00e4re zu schaffen.<\/p>\n<p>Neben seiner Rolle als Gastronomie- und Hotelleriebetrieb in der Winterthurer Altstadt will EMMA seine Rolle auch daru\u0308ber hinaus wahrnehmen. So soll die Kulturstadt und die offene Gesellschaft im Rahmen von Nischenanla\u0308ssen wie Lesungen, Degustationen, allfa\u0308lligen Vermietungen und anderen inspirierenden Veranstaltungen ebenfalls profitieren und breite Bevo\u0308lkerungsschichten in einem toleranten, verbindenden Umfeld willkommen heissen.<\/p>\n<p><span>Das ist EMMA.<\/span><\/p>\n<p>[\/et_pb_text][\/et_pb_column][\/et_pb_row][\/et_pb_section][et_pb_section fb_built=&#8220;1&#8243; specialty=&#8220;on&#8220; _builder_version=&#8220;4.16&#8243; background_color=&#8220;#FFF5E9&#8243; min_height=&#8220;375px&#8220; custom_padding=&#8220;0px||0px|||&#8220; global_colors_info=&#8220;{}&#8220;][et_pb_column type=&#8220;1_2&#8243; specialty_columns=&#8220;2&#8243; _builder_version=&#8220;4.16&#8243; custom_padding=&#8220;|||&#8220; global_colors_info=&#8220;{}&#8220; custom_padding__hover=&#8220;|||&#8220;][et_pb_row_inner _builder_version=&#8220;4.16&#8243; global_colors_info=&#8220;{}&#8220;][et_pb_column_inner saved_specialty_column_type=&#8220;1_2&#8243; _builder_version=&#8220;4.16&#8243; global_colors_info=&#8220;{}&#8220;][et_pb_text _builder_version=&#8220;4.16&#8243; global_colors_info=&#8220;{}&#8220;]<\/p>\n<div class=\"page\" title=\"Page 2\">\n<div class=\"section\">\n<div class=\"layoutArea\">\n<div class=\"column\">\n<h2><span>Infos zum Lokal<\/span><\/h2>\n<p><span>Am Oberen Graben im Herzen der Winterthurer Altstadt befindet sich EMMA Bett und Bistro. Dazu geh\u00f6rt ein Bistro, welches einl\u00e4dt im Innenlokal zu verweilen und sich von unserem Essens- und Getr\u00e4nkeangebot verw\u00f6hnen zu lassen. An sonnigen Tagen steht zudem der Kiesplatz zwischen den B\u00e4umen des Grabens zur Verf\u00fcgung. Wir bieten unseren Hotelg\u00e4sten drei liebevoll eingerichtete Hotelzimmer an. Wir legen grossen Wert eine offene Gastgeberkultur, durch unser kommunikatives und wohlwollendes Team, unter der Leitung der Winterthurer Betriebsleiterin Barbara Koblet. <\/span><\/p>\n<\/div>\n<\/div>\n<\/div>\n<\/div>\n<p>[\/et_pb_text][\/et_pb_column_inner][\/et_pb_row_inner][\/et_pb_column][et_pb_column type=&#8220;1_2&#8243; _builder_version=&#8220;4.16&#8243; custom_padding=&#8220;|||&#8220; global_colors_info=&#8220;{}&#8220; custom_padding__hover=&#8220;|||&#8220;][et_pb_gallery gallery_ids=&#8220;29543,29475,29474&#8243; fullwidth=&#8220;on&#8220; _builder_version=&#8220;4.16&#8243; background_color=&#8220;rgba(0,0,0,0)&#8220; background_layout=&#8220;dark&#8220; width=&#8220;100%&#8220; max_width=&#8220;100%&#8220; custom_margin=&#8220;||66px|||&#8220; hover_transition_duration=&#8220;200ms&#8220; global_colors_info=&#8220;{}&#8220;][\/et_pb_gallery][\/et_pb_column][\/et_pb_section][et_pb_section fb_built=&#8220;1&#8243; disabled_on=&#8220;off|off|off&#8220; _builder_version=&#8220;4.16&#8243; global_colors_info=&#8220;{}&#8220;][et_pb_row _builder_version=&#8220;4.16&#8243; custom_margin=&#8220;-44px|auto||auto||&#8220; custom_padding=&#8220;0px||5px|||&#8220; global_colors_info=&#8220;{}&#8220;][et_pb_column type=&#8220;4_4&#8243; _builder_version=&#8220;4.16&#8243; global_colors_info=&#8220;{}&#8220;][et_pb_text _builder_version=&#8220;4.16&#8243; global_colors_info=&#8220;{}&#8220;]<\/p>\n<h2 style=\"text-align: left;\">Unser Team<\/h2>\n<p>[\/et_pb_text][et_pb_text _builder_version=&#8220;4.20.2&#8243; hover_enabled=&#8220;0&#8243; global_colors_info=&#8220;{}&#8220; sticky_enabled=&#8220;0&#8243;]<\/p>\n<p>Mina, Barbara, Gabriel, No\u00e9mie, Joel, Amira, Fabia, Marcela, Nithy, Andreas und Nick &#8211; Unsere fleissigen, herzlichen und engagierten Mitarbeiter:innen halten EMMA am laufen. Sie pr\u00e4gen mit ihrer aufgestellten Art unser Lokal von Grund auf.<\/p>\n<p>Es ist sch\u00f6n euch bei uns zu haben!<\/p>\n<p>[\/et_pb_text][\/et_pb_column][\/et_pb_row][\/et_pb_section]<\/p>\n","protected":false},"excerpt":{"rendered":"<p>\u00dcber uns Wer ist EMMA? &#8211; Ein toller Mensch, ein progressives Magazin, ein verstaubtes Gesch\u00e4ft in der Dorfmitte? EMMA kann vieles sein, aber f\u00fcr uns ist sie alles!Unsere Philosophie transparent &#8211; nachhaltig &#8211; herzlich Hinter EMMA Bett und Bistro steckt die Winterthurerin Barbara Koblet. Mit viel Herzblut und dem Wunsch sich zu verwirklichen, schuf sie [&hellip;]<\/p>\n","protected":false},"author":1,"featured_media":0,"parent":0,"menu_order":0,"comment_status":"closed","ping_status":"closed","template":"","meta":{"_et_pb_use_builder":"on","_et_pb_old_content":"","_et_gb_content_width":"","footnotes":""},"class_list":["post-28891","page","type-page","status-publish","hentry"],"yoast_head":"<!-- This site is optimized with the Yoast SEO plugin v27.5 - https:\/\/yoast.com\/product\/yoast-seo-wordpress\/ -->\n<title>\u00dcber uns - EMMA Bett und Bistro<\/title>\n<meta name=\"description\" content=\"Wer ist EMMA? \u2013 Ein toller Mensch, ein progressives Magazin, ein verstaubtes Gesch\u00e4ft in der Dorfmitte? EMMA kann vieles sein, aber f\u00fcr uns ist sie alles!\" \/>\n<meta name=\"robots\" content=\"index, follow, max-snippet:-1, max-image-preview:large, max-video-preview:-1\" \/>\n<link rel=\"canonical\" href=\"https:\/\/emma-bb.ch\/en\/ueber-uns\/\" \/>\n<meta property=\"og:locale\" content=\"en_GB\" \/>\n<meta property=\"og:type\" content=\"article\" \/>\n<meta property=\"og:title\" content=\"\u00dcber uns - EMMA Bett und Bistro\" \/>\n<meta property=\"og:description\" content=\"Wer ist EMMA? \u2013 Ein toller Mensch, ein progressives Magazin, ein verstaubtes Gesch\u00e4ft in der Dorfmitte? EMMA kann vieles sein, aber f\u00fcr uns ist sie alles!\" \/>\n<meta property=\"og:url\" content=\"https:\/\/emma-bb.ch\/en\/ueber-uns\/\" \/>\n<meta property=\"og:site_name\" content=\"EMMA Bett und Bistro\" \/>\n<meta property=\"article:publisher\" content=\"https:\/\/www.facebook.com\/EMMA-Bett-und-Bistro-102916064800144\/\" \/>\n<meta property=\"article:modified_time\" content=\"2025-09-30T15:17:18+00:00\" \/>\n<meta property=\"og:image\" content=\"https:\/\/i0.wp.com\/emma-bb.ch\/wp-content\/uploads\/2020\/06\/Titelbild-scaled.jpg?fit=2560%2C2560&ssl=1\" \/>\n\t<meta property=\"og:image:width\" content=\"2560\" \/>\n\t<meta property=\"og:image:height\" content=\"2560\" \/>\n\t<meta property=\"og:image:type\" content=\"image\/jpeg\" \/>\n<meta name=\"twitter:card\" content=\"summary_large_image\" \/>\n<meta name=\"twitter:label1\" content=\"Estimated reading time\" \/>\n\t<meta name=\"twitter:data1\" content=\"6 minutes\" \/>\n<script type=\"application\/ld+json\" class=\"yoast-schema-graph\">{\"@context\":\"https:\\\/\\\/schema.org\",\"@graph\":[{\"@type\":\"WebPage\",\"@id\":\"https:\\\/\\\/emma-bb.ch\\\/ueber-uns\\\/\",\"url\":\"https:\\\/\\\/emma-bb.ch\\\/ueber-uns\\\/\",\"name\":\"\u00dcber uns - EMMA Bett und Bistro\",\"isPartOf\":{\"@id\":\"https:\\\/\\\/emma-bb.ch\\\/#website\"},\"datePublished\":\"2020-05-30T14:39:13+00:00\",\"dateModified\":\"2025-09-30T15:17:18+00:00\",\"description\":\"Wer ist EMMA? \u2013 Ein toller Mensch, ein progressives Magazin, ein verstaubtes Gesch\u00e4ft in der Dorfmitte? EMMA kann vieles sein, aber f\u00fcr uns ist sie alles!\",\"breadcrumb\":{\"@id\":\"https:\\\/\\\/emma-bb.ch\\\/ueber-uns\\\/#breadcrumb\"},\"inLanguage\":\"en-GB\",\"potentialAction\":[{\"@type\":\"ReadAction\",\"target\":[\"https:\\\/\\\/emma-bb.ch\\\/ueber-uns\\\/\"]}]},{\"@type\":\"BreadcrumbList\",\"@id\":\"https:\\\/\\\/emma-bb.ch\\\/ueber-uns\\\/#breadcrumb\",\"itemListElement\":[{\"@type\":\"ListItem\",\"position\":1,\"name\":\"Startseite\",\"item\":\"https:\\\/\\\/emma-bb.ch\\\/\"},{\"@type\":\"ListItem\",\"position\":2,\"name\":\"\u00dcber uns\"}]},{\"@type\":\"WebSite\",\"@id\":\"https:\\\/\\\/emma-bb.ch\\\/#website\",\"url\":\"https:\\\/\\\/emma-bb.ch\\\/\",\"name\":\"EMMA Bett und Bistro\",\"description\":\"Im Herzen von Winterthur\",\"publisher\":{\"@id\":\"https:\\\/\\\/emma-bb.ch\\\/#organization\"},\"potentialAction\":[{\"@type\":\"SearchAction\",\"target\":{\"@type\":\"EntryPoint\",\"urlTemplate\":\"https:\\\/\\\/emma-bb.ch\\\/?s={search_term_string}\"},\"query-input\":{\"@type\":\"PropertyValueSpecification\",\"valueRequired\":true,\"valueName\":\"search_term_string\"}}],\"inLanguage\":\"en-GB\"},{\"@type\":\"Organization\",\"@id\":\"https:\\\/\\\/emma-bb.ch\\\/#organization\",\"name\":\"EMMA Bett und Bistro\",\"url\":\"https:\\\/\\\/emma-bb.ch\\\/\",\"logo\":{\"@type\":\"ImageObject\",\"inLanguage\":\"en-GB\",\"@id\":\"https:\\\/\\\/emma-bb.ch\\\/#\\\/schema\\\/logo\\\/image\\\/\",\"url\":\"https:\\\/\\\/emma-bb.ch\\\/wp-content\\\/uploads\\\/2020\\\/05\\\/logo_hoch_blau.svg\",\"contentUrl\":\"https:\\\/\\\/emma-bb.ch\\\/wp-content\\\/uploads\\\/2020\\\/05\\\/logo_hoch_blau.svg\",\"width\":137,\"height\":153,\"caption\":\"EMMA Bett und Bistro\"},\"image\":{\"@id\":\"https:\\\/\\\/emma-bb.ch\\\/#\\\/schema\\\/logo\\\/image\\\/\"},\"sameAs\":[\"https:\\\/\\\/www.facebook.com\\\/EMMA-Bett-und-Bistro-102916064800144\\\/\",\"https:\\\/\\\/www.instagram.com\\\/emma_teilt\\\/\"]}]}<\/script>\n<!-- \/ Yoast SEO plugin. -->","yoast_head_json":{"title":"\u00dcber uns - EMMA Bett und Bistro","description":"Wer ist EMMA? \u2013 Ein toller Mensch, ein progressives Magazin, ein verstaubtes Gesch\u00e4ft in der Dorfmitte? EMMA kann vieles sein, aber f\u00fcr uns ist sie alles!","robots":{"index":"index","follow":"follow","max-snippet":"max-snippet:-1","max-image-preview":"max-image-preview:large","max-video-preview":"max-video-preview:-1"},"canonical":"https:\/\/emma-bb.ch\/en\/ueber-uns\/","og_locale":"en_GB","og_type":"article","og_title":"\u00dcber uns - EMMA Bett und Bistro","og_description":"Wer ist EMMA? \u2013 Ein toller Mensch, ein progressives Magazin, ein verstaubtes Gesch\u00e4ft in der Dorfmitte? EMMA kann vieles sein, aber f\u00fcr uns ist sie alles!","og_url":"https:\/\/emma-bb.ch\/en\/ueber-uns\/","og_site_name":"EMMA Bett und Bistro","article_publisher":"https:\/\/www.facebook.com\/EMMA-Bett-und-Bistro-102916064800144\/","article_modified_time":"2025-09-30T15:17:18+00:00","og_image":[{"width":2560,"height":2560,"url":"https:\/\/i0.wp.com\/emma-bb.ch\/wp-content\/uploads\/2020\/06\/Titelbild-scaled.jpg?fit=2560%2C2560&ssl=1","type":"image\/jpeg"}],"twitter_card":"summary_large_image","twitter_misc":{"Estimated reading time":"6 minutes"},"schema":{"@context":"https:\/\/schema.org","@graph":[{"@type":"WebPage","@id":"https:\/\/emma-bb.ch\/ueber-uns\/","url":"https:\/\/emma-bb.ch\/ueber-uns\/","name":"\u00dcber uns - EMMA Bett und Bistro","isPartOf":{"@id":"https:\/\/emma-bb.ch\/#website"},"datePublished":"2020-05-30T14:39:13+00:00","dateModified":"2025-09-30T15:17:18+00:00","description":"Wer ist EMMA? \u2013 Ein toller Mensch, ein progressives Magazin, ein verstaubtes Gesch\u00e4ft in der Dorfmitte? EMMA kann vieles sein, aber f\u00fcr uns ist sie alles!","breadcrumb":{"@id":"https:\/\/emma-bb.ch\/ueber-uns\/#breadcrumb"},"inLanguage":"en-GB","potentialAction":[{"@type":"ReadAction","target":["https:\/\/emma-bb.ch\/ueber-uns\/"]}]},{"@type":"BreadcrumbList","@id":"https:\/\/emma-bb.ch\/ueber-uns\/#breadcrumb","itemListElement":[{"@type":"ListItem","position":1,"name":"Startseite","item":"https:\/\/emma-bb.ch\/"},{"@type":"ListItem","position":2,"name":"\u00dcber uns"}]},{"@type":"WebSite","@id":"https:\/\/emma-bb.ch\/#website","url":"https:\/\/emma-bb.ch\/","name":"EMMA Bett und Bistro","description":"Im Herzen von Winterthur","publisher":{"@id":"https:\/\/emma-bb.ch\/#organization"},"potentialAction":[{"@type":"SearchAction","target":{"@type":"EntryPoint","urlTemplate":"https:\/\/emma-bb.ch\/?s={search_term_string}"},"query-input":{"@type":"PropertyValueSpecification","valueRequired":true,"valueName":"search_term_string"}}],"inLanguage":"en-GB"},{"@type":"Organization","@id":"https:\/\/emma-bb.ch\/#organization","name":"EMMA Bett und Bistro","url":"https:\/\/emma-bb.ch\/","logo":{"@type":"ImageObject","inLanguage":"en-GB","@id":"https:\/\/emma-bb.ch\/#\/schema\/logo\/image\/","url":"https:\/\/emma-bb.ch\/wp-content\/uploads\/2020\/05\/logo_hoch_blau.svg","contentUrl":"https:\/\/emma-bb.ch\/wp-content\/uploads\/2020\/05\/logo_hoch_blau.svg","width":137,"height":153,"caption":"EMMA Bett und Bistro"},"image":{"@id":"https:\/\/emma-bb.ch\/#\/schema\/logo\/image\/"},"sameAs":["https:\/\/www.facebook.com\/EMMA-Bett-und-Bistro-102916064800144\/","https:\/\/www.instagram.com\/emma_teilt\/"]}]}},"jetpack_sharing_enabled":true,"_links":{"self":[{"href":"https:\/\/emma-bb.ch\/en\/wp-json\/wp\/v2\/pages\/28891","targetHints":{"allow":["GET"]}}],"collection":[{"href":"https:\/\/emma-bb.ch\/en\/wp-json\/wp\/v2\/pages"}],"about":[{"href":"https:\/\/emma-bb.ch\/en\/wp-json\/wp\/v2\/types\/page"}],"author":[{"embeddable":true,"href":"https:\/\/emma-bb.ch\/en\/wp-json\/wp\/v2\/users\/1"}],"replies":[{"embeddable":true,"href":"https:\/\/emma-bb.ch\/en\/wp-json\/wp\/v2\/comments?post=28891"}],"version-history":[{"count":27,"href":"https:\/\/emma-bb.ch\/en\/wp-json\/wp\/v2\/pages\/28891\/revisions"}],"predecessor-version":[{"id":30013,"href":"https:\/\/emma-bb.ch\/en\/wp-json\/wp\/v2\/pages\/28891\/revisions\/30013"}],"wp:attachment":[{"href":"https:\/\/emma-bb.ch\/en\/wp-json\/wp\/v2\/media?parent=28891"}],"curies":[{"name":"wp","href":"https:\/\/api.w.org\/{rel}","templated":true}]}}